{"id":536,"date":"2025-07-02T16:05:25","date_gmt":"2025-07-02T16:05:25","guid":{"rendered":"https:\/\/silvayasociados.com.co\/es\/?page_id=536"},"modified":"2025-07-16T21:20:35","modified_gmt":"2025-07-16T21:20:35","slug":"nuestro-equipo","status":"publish","type":"page","link":"https:\/\/silvayasociados.com.co\/es\/nuestro-equipo\/","title":{"rendered":"Nuestro Equipo"},"content":{"rendered":"<p>[et_pb_section fb_built=\u00bb1&#8243; disabled_on=\u00bboff|off|off\u00bb _builder_version=\u00bb4.4.1&#8243; background_enable_image=\u00bboff\u00bb background_size=\u00bbcontain\u00bb width_tablet=\u00bb\u00bb width_phone=\u00bb\u00bb width_last_edited=\u00bbon|phone\u00bb module_alignment=\u00bbcenter\u00bb custom_margin_tablet=\u00bb\u00bb custom_margin_phone=\u00bb\u00bb custom_margin_last_edited=\u00bbon|phone\u00bb][et_pb_row _builder_version=\u00bb4.4.1&#8243;][et_pb_column type=\u00bb4_4&#8243; _builder_version=\u00bb4.4.1&#8243;][et_pb_text _builder_version=\u00bb4.4.1&#8243; text_font=\u00bb|||on|||||\u00bb text_text_color=\u00bb#0b8fb7&#8243;]<\/p>\n<h2><strong><span style=\"color: #1892c7;\">Nuestro Equipo<\/span><\/strong><\/h2>\n<p>[\/et_pb_text][et_pb_team_member name=\u00bbPablo Tom\u00e1s Silva Mari\u00f1o\u00bb position=\u00bbSocio Fundador &#8211; Gerente\u00bb image_url=\u00bbhttps:\/\/silvayasociados.com.co\/es\/wp-content\/uploads\/2025\/07\/pablo-2_web.webp\u00bb db_email_addr=\u00bbpablosilvam@outlook.com\u00bb db_link_target=\u00bbon\u00bb image_url_last_edited=\u00bboff|desktop\u00bb _builder_version=\u00bb4.4.1&#8243; text_orientation=\u00bbjustified\u00bb box_shadow_style_image=\u00bbpreset3&#8243; image_url__hover_enabled=\u00bbon|hover\u00bb image_url__hover=\u00bbhttps:\/\/silvayasociados.com.co\/es\/wp-content\/uploads\/2025\/07\/pablo-1_web.webp\u00bb]<\/p>\n<p><span style=\"color: #999999;\"><em>Idiomas: Espa\u00f1ol &#8211; Ingl\u00e9s<\/em><\/span><\/p>\n<p style=\"text-align: justify;\"><span style=\"font-family: 'Century Gothic',sans-serif;\">Abogado de la Universidad Externado de Colombia, con especializaci\u00f3n en M\u00e9todos Alternativos de Soluci\u00f3n de Conflictos y Negociaci\u00f3n (MASC) en la misma instituci\u00f3n. Especialista en Contrataci\u00f3n Estatal por la Universidad de Medell\u00edn. Ha complementado su formaci\u00f3n con estudios en MASC, r\u00e9gimen de insolvencia y legislaci\u00f3n financiera.<\/span><\/p>\n<p style=\"text-align: justify;\"><span style=\"font-family: 'Century Gothic',sans-serif;\">Cuenta con m\u00e1s de 30 a\u00f1os de experiencia profesional, durante los cuales se ha desempe\u00f1ado como Director de C\u00f3digos e Inform\u00e1tica de la Editorial Temis S.A., docente universitario, litigante y asesor jur\u00eddico en temas de Derecho Financiero y Contractual. Ha asesorado a entidades estatales, empresas y grupos empresariales dedicados a la construcci\u00f3n de obras civiles, la prestaci\u00f3n de servicios exequiales, instituciones educativas y organizaciones del sector cooperativo.<\/span><\/p>\n<p style=\"text-align: justify;\"><span style=\"font-family: 'Century Gothic',sans-serif;\">Tambi\u00e9n ha sido docente universitario y entrenador en materia burs\u00e1til y contractual, y actualmente se desempe\u00f1a como \u00e1rbitro y conciliador de la Lonja de Propiedad Ra\u00edz de Bogot\u00e1.<\/span><\/p>\n<p>[\/et_pb_team_member][et_pb_divider _builder_version=\u00bb4.4.1&#8243;][\/et_pb_divider][et_pb_team_member name=\u00bbAlejandro Rodr\u00edguez Le\u00f3n\u00bb position=\u00bbSocio &#8211; Director de Consultor\u00eda y Asesor\u00eda\u00bb image_url=\u00bbhttps:\/\/silvayasociados.com.co\/es\/wp-content\/uploads\/2025\/07\/alejo-2_web.webp\u00bb db_email_addr=\u00bbalejandror.silvayasociados@hotmail.com\u00bb db_link_target=\u00bbon\u00bb image_url_last_edited=\u00bboff|desktop\u00bb disabled_on=\u00bboff|off|off\u00bb _builder_version=\u00bb4.4.1&#8243; box_shadow_style_image=\u00bbpreset3&#8243; image_url__hover_enabled=\u00bbon|hover\u00bb image_url__hover=\u00bbhttps:\/\/silvayasociados.com.co\/es\/wp-content\/uploads\/2025\/07\/alejo-1_web.webp\u00bb]<\/p>\n<p style=\"text-align: justify;\"><span style=\"color: #999999;\"><em>Idioma: Espa\u00f1ol<\/em><\/span><\/p>\n<p style=\"text-align: justify;\">Alejandro es Socio de la firma. Es abogado de la Universidad Libre de Colombia y fue becario en la especializaci\u00f3n en Derecho Comercial de la misma universidad. Ha cursado programas de formaci\u00f3n en materia de Propiedad Intelectual, TI, Contrataci\u00f3n, Habeas Data y est\u00e1 habilitado para actuar como conciliador en Centros de Conciliaci\u00f3n y Arbitraje.<\/p>\n<p style=\"text-align: justify;\">Se ha desempe\u00f1ado como consultor en materia de contrataci\u00f3n p\u00fablica y privada en firmas de abogados y como abogado in-house en la industria del software en asuntos comerciales, corporativos, Propiedad Intelectual y Habeas Data.<\/p>\n<p style=\"text-align: justify;\">Tiene un marcado inter\u00e9s por el estudio de la transformaci\u00f3n digital, el valor de la informaci\u00f3n y el impacto de la tecnolog\u00eda en la prestaci\u00f3n de servicios legales.<\/p>\n<p>[\/et_pb_team_member][et_pb_divider _builder_version=\u00bb4.4.1&#8243;][\/et_pb_divider][et_pb_team_member name=\u00bbPablo Tom\u00e1s Silva L\u00f3pez \u00bb position=\u00bbEstudiante &#8211; Practicante\u00bb image_url=\u00bbhttps:\/\/silvayasociados.com.co\/es\/wp-content\/uploads\/2025\/07\/pablito-2_web.webp\u00bb db_email_addr=\u00bbpablotsl02@gmail.com\u00bb image_url_last_edited=\u00bboff|desktop\u00bb _builder_version=\u00bb4.4.1&#8243; hover_enabled=\u00bb0&#8243; image_url__hover_enabled=\u00bbon|hover\u00bb image_url__hover=\u00bbhttps:\/\/silvayasociados.com.co\/es\/wp-content\/uploads\/2025\/07\/pablito-1_web.webp\u00bb]<\/p>\n<p style=\"text-align: justify;\"><em><span style=\"color: #999999;\">Idiomas: Espa\u00f1ol &#8211; Ingl\u00e9s &#8211; Portugu\u00e9s<\/span><\/em><\/p>\n<p style=\"text-align: justify;\">Estudiante de \u00faltimo a\u00f1o de Derecho en la Universidad Externado de Colombia, donde ha sido participante del seminario de Riesgos y Seguros. Ha complementado su formaci\u00f3n con cursos en estudio de t\u00edtulos y en Medios Alternativos de Soluci\u00f3n de Conflictos (MASC).<\/p>\n<p style=\"text-align: justify;\">Actualmente forma parte del Consultorio Jur\u00eddico de la Universidad Externado y cuenta con experiencia en el sector funerario, donde se desempe\u00f1\u00f3 como asistente jur\u00eddico en una de las empresas m\u00e1s importantes del pa\u00eds en esta industria.<\/p>\n<p style=\"text-align: justify;\">Pablo tiene un marcado inter\u00e9s por el Derecho Comercial y el Derecho de los Seguros, as\u00ed como por el impacto que la Inteligencia Artificial tendr\u00e1 en la transformaci\u00f3n del mundo jur\u00eddico y la evoluci\u00f3n de la prestaci\u00f3n de servicios legales.<\/p>\n<p>[\/et_pb_team_member][et_pb_divider _builder_version=\u00bb4.4.1&#8243;][\/et_pb_divider][et_pb_team_member name=\u00bbCarolina Rojas Hern\u00e1ndez\u00bb position=\u00bbAbogada &#8211; Directora de Litigios\u00bb image_url=\u00bbhttps:\/\/silvayasociados.com.co\/es\/wp-content\/uploads\/2025\/07\/carolina-2_web.webp\u00bb db_email_addr=\u00bbCarolinarojas.silvayasociados@gmail.com\u00bb disabled_on=\u00bboff|off|off\u00bb _builder_version=\u00bb4.4.1&#8243; hover_enabled=\u00bb0&#8243; image_url__hover_enabled=\u00bbon|hover\u00bb image_url__hover=\u00bbhttps:\/\/silvayasociados.com.co\/es\/wp-content\/uploads\/2025\/07\/Carolina-1_web.webp\u00bb]<\/p>\n<p style=\"text-align: justify;\"><span style=\"color: #999999;\"><em>\u200bIdiomas: Espa\u00f1ol\u00a0<\/em><\/span><\/p>\n<p style=\"text-align: justify;\">Carolina es abogada de la Universidad Libre de Colombia y especialista en Derecho Administrativo de la Universidad Nacional de Colombia.<\/p>\n<p style=\"text-align: justify;\">Ha cursado programas de formaci\u00f3n complementaria dirigidos al fortalecimiento de competencias en conciliaci\u00f3n extrajudicial en Derecho y litigio, con especial \u00e9nfasis en el Derecho Contencioso Administrativo, Derecho Procesal y responsabilidad m\u00e9dica, civil y del Estado.<\/p>\n<p>Su experiencia se ha enfocado en liderar procesos de defensa judicial y an\u00e1lisis estrat\u00e9gico de riesgos legales, en el marco de su ejercicio en firmas referentes de Bogot\u00e1.<\/p>\n<p>Tiene un inter\u00e9s particular por el litigio de alto impacto, especialmente en aquellos casos que contribuyen al fortalecimiento de derechos colectivos, su afinidad con el trabajo comunitario la llev\u00f3 a formarse en legislaci\u00f3n comunal, desde donde busca promover alternativas jur\u00eddicas que generen transformaciones sociales reales.<\/p>\n<p>[\/et_pb_team_member][et_pb_divider _builder_version=\u00bb4.4.1&#8243;][\/et_pb_divider][et_pb_team_member name=\u00bbLina Paola Barrios L\u00f3pez\u00bb position=\u00bbAbogada\u00bb image_url=\u00bbhttps:\/\/silvayasociados.com.co\/es\/wp-content\/uploads\/2025\/07\/Lina-1_web.webp\u00bb db_email_addr=\u00bblinabarrios.silvayasociados@gmail.com\u00bb db_link_target=\u00bbon\u00bb disabled_on=\u00bboff|off|off\u00bb _builder_version=\u00bb4.4.1&#8243; hover_enabled=\u00bb0&#8243; image_url__hover_enabled=\u00bbon|hover\u00bb image_url__hover=\u00bbhttps:\/\/silvayasociados.com.co\/es\/wp-content\/uploads\/2025\/07\/Lina-2_web.webp\u00bb]<\/p>\n<p style=\"text-align: justify;\"><span style=\"color: #999999;\"><em>\u200bIdiomas: Espa\u00f1ol\u00a0<\/em><\/span><\/p>\n<p style=\"text-align: justify;\">Abogada egresada de la Universidad de San Buenaventura, sede Bogot\u00e1 D.C., y especialista en Derecho Constitucional y Administrativo de la Universidad Cat\u00f3lica de Colombia. Adem\u00e1s, ha complementado su formaci\u00f3n acad\u00e9mica con estudios en distintas ramas del derecho, incluyendo derecho laboral, sistema pensional, contrataci\u00f3n estatal y resoluci\u00f3n de conflictos.<\/p>\n<p style=\"text-align: justify;\">Su experiencia profesional se ha desarrollado principalmente en los campos del derecho administrativo, comercial y civil, donde ha brindado asesor\u00eda jur\u00eddica integral, elaborado conceptos y diversos documentos jur\u00eddicos y respuestas formales a requerimientos de entidades p\u00fablicas y privadas. Adem\u00e1s, ha participado activamente en procesos de defensa judicial y extrajudicial.<\/p>\n<p style=\"text-align: justify;\">Lina tiene un especial inter\u00e9s en el estudio del derecho p\u00fablico, la funci\u00f3n administrativa del Estado y las herramientas jur\u00eddicas orientadas a la soluci\u00f3n pac\u00edfica de controversias.<\/p>\n<p>[\/et_pb_team_member][et_pb_divider _builder_version=\u00bb4.4.1&#8243;][\/et_pb_divider][et_pb_team_member name=\u00bbJeremy Hincapi\u00e9 Pedraza\u00bb position=\u00bbEstudiante &#8211; Practicante\u00bb image_url=\u00bbhttps:\/\/silvayasociados.com.co\/es\/wp-content\/uploads\/2025\/07\/jeremy-2_web.webp\u00bb db_email_addr=\u00bbjeremyh.silvayasociados@gmail.com\u00bb disabled_on=\u00bboff|off|off\u00bb _builder_version=\u00bb4.4.1&#8243; image_url__hover_enabled=\u00bbon|hover\u00bb image_url__hover=\u00bbhttps:\/\/silvayasociados.com.co\/es\/wp-content\/uploads\/2025\/07\/jeremy-1_web.webp\u00bb]<\/p>\n<p style=\"text-align: justify;\"><em><span style=\"color: #999999;\">Idioma: Espa\u00f1ol &#8211; Ingl\u00e9s<\/span><\/em><\/p>\n<p style=\"text-align: justify;\">Estudiante de \u00faltimo a\u00f1o de Derecho en la Universidad Externado de Colombia, con una s\u00f3lida formaci\u00f3n acad\u00e9mica y pr\u00e1ctica en el Derecho de Seguros y Derecho Procesal. Ha participado activamente en espacios acad\u00e9micos especializados como el Seminario de Riesgos y Seguros, la International Summer School on Insurance Law in the Era of Artificial Intelligence and Cyber Risks, y el Observatorio del Departamento de Derecho de Seguros de la Universidad Externado de Colombia.<\/p>\n<p style=\"text-align: justify;\">Ha sido coautor de publicaciones en blogs jur\u00eddicos sobre insurtech, aportando reflexiones sobre la transformaci\u00f3n del sector asegurador frente a los avances tecnol\u00f3gicos. Su experiencia pr\u00e1ctica en litigios le ha dado comprensi\u00f3n de los procesos judiciales y el funcionamiento de la administraci\u00f3n de justicia y su aplicaci\u00f3n a diversas estrategias seg\u00fan el caso concreto.<\/p>\n<p style=\"text-align: justify;\">Jeremy tiene un marcado inter\u00e9s en los desarrollos tecnol\u00f3gicos y los desaf\u00edos que plantea su integraci\u00f3n al mundo jur\u00eddico, especialmente en temas como inteligencia artificial, ciberseguridad y transformaci\u00f3n digital, \u00e1reas que considera clave para la evoluci\u00f3n del Derecho en los pr\u00f3ximos a\u00f1os.<\/p>\n<p>[\/et_pb_team_member][\/et_pb_column][\/et_pb_row][\/et_pb_section][et_pb_section fb_built=\u00bb1&#8243; disabled_on=\u00bbon|on|on\u00bb _builder_version=\u00bb4.4.1&#8243; background_enable_image=\u00bboff\u00bb background_size=\u00bbcontain\u00bb width_tablet=\u00bb\u00bb width_phone=\u00bb\u00bb width_last_edited=\u00bbon|phone\u00bb module_alignment=\u00bbcenter\u00bb custom_margin_tablet=\u00bb\u00bb custom_margin_phone=\u00bb\u00bb custom_margin_last_edited=\u00bbon|phone\u00bb disabled=\u00bbon\u00bb][et_pb_row _builder_version=\u00bb4.4.1&#8243;][et_pb_column type=\u00bb4_4&#8243; _builder_version=\u00bb4.4.1&#8243;][et_pb_text _builder_version=\u00bb4.4.1&#8243; text_font=\u00bb|||on|||||\u00bb text_text_color=\u00bb#0b8fb7&#8243;]<\/p>\n<h2><strong><span style=\"color: #1892c7;\">Nuestro Equipo<\/span><\/strong><\/h2>\n<p>[\/et_pb_text][et_pb_team_member name=\u00bbPablo Tom\u00e1s Silva Mari\u00f1o\u00bb position=\u00bbSocio Fundador &#8211; Gerente\u00bb image_url=\u00bbhttp:\/\/silvayasociados.com.co\/es\/wp-content\/uploads\/2022\/08\/Pablo_Silva_y_Asociados.jpg\u00bb db_email_addr=\u00bbpablosilvam@outlook.com\u00bb db_link_target=\u00bbon\u00bb _builder_version=\u00bb4.4.1&#8243; text_orientation=\u00bbjustified\u00bb box_shadow_style_image=\u00bbpreset3&#8243;]<\/p>\n<p><span style=\"color: #999999;\"><em>Idiomas: Espa\u00f1ol &#8211; Ingl\u00e9s<\/em><\/span><\/p>\n<p style=\"text-align: justify;\"><span style=\"font-family: 'Century Gothic',sans-serif;\">Abogado de la Universidad Externado de Colombia, con especializaci\u00f3n en M\u00e9todos Alternativos de Soluci\u00f3n de Conflictos y Negociaci\u00f3n (MASC) en la misma instituci\u00f3n. Especialista en Contrataci\u00f3n Estatal por la Universidad de Medell\u00edn. Ha complementado su formaci\u00f3n con estudios en MASC, r\u00e9gimen de insolvencia y legislaci\u00f3n financiera.<o:p><\/o:p><\/span><\/p>\n<p style=\"text-align: justify;\"><span style=\"font-family: 'Century Gothic',sans-serif;\">Cuenta con m\u00e1s de 30 a\u00f1os de experiencia profesional, durante los cuales se ha desempe\u00f1ado como Director de C\u00f3digos e Inform\u00e1tica de la Editorial Temis S.A., docente universitario, litigante y asesor jur\u00eddico en temas de Derecho Financiero y Contractual. Ha asesorado a entidades estatales, empresas y grupos empresariales dedicados a la construcci\u00f3n de obras civiles, la prestaci\u00f3n de servicios exequiales, instituciones educativas y organizaciones del sector cooperativo.<o:p><\/o:p><\/span><\/p>\n<p style=\"text-align: justify;\"><span style=\"font-family: 'Century Gothic',sans-serif;\">Tambi\u00e9n ha sido docente universitario y entrenador en materia burs\u00e1til y contractual, y actualmente se desempe\u00f1a como \u00e1rbitro y conciliador de la Lonja de Propiedad Ra\u00edz de Bogot\u00e1.<o:p><\/o:p><\/span><\/p>\n<p>[\/et_pb_team_member][et_pb_team_member name=\u00bbAlejandro Rodr\u00edguez Le\u00f3n\u00bb position=\u00bbAsociado &#8211; Director de Consultor\u00eda y Asesor\u00eda\u00bb image_url=\u00bbhttp:\/\/silvayasociados.com.co\/es\/wp-content\/uploads\/2022\/08\/Alejandro_Silva_y_Asociados.jpg\u00bb db_email_addr=\u00bbalejandror.silvayasociados@hotmail.com\u00bb db_link_target=\u00bbon\u00bb disabled_on=\u00bboff|off|off\u00bb _builder_version=\u00bb4.4.1&#8243;]<\/p>\n<p><span style=\"color: #999999;\"><em>Idioma: Espa\u00f1ol<\/em><\/span><\/p>\n<p>&nbsp;<\/p>\n<p>Alejandro es Socio de la firma. Es abogado de la Universidad Libre de Colombia y fue becario en la especializaci\u00f3n en Derecho Comercial de la misma universidad. Ha cursado programas de formaci\u00f3n en materia de Propiedad Intelectual, TI, Contrataci\u00f3n, Habeas Data y est\u00e1 habilitado para actuar como conciliador en Centros de Conciliaci\u00f3n y Arbitraje.<\/p>\n<p> Se ha desempe\u00f1ado como consultor en materia de contrataci\u00f3n p\u00fablica y privada en firmas de abogados y como abogado in-house en la industria del software en asuntos comerciales, corporativos, Propiedad Intelectual y Habeas Data.<\/p>\n<p> Tiene un marcado inter\u00e9s por el estudio de la transformaci\u00f3n digital, el valor de la informaci\u00f3n y el impacto de la tecnolog\u00eda en la prestaci\u00f3n de servicios legales.<\/p>\n<p>[\/et_pb_team_member][et_pb_team_member name=\u00bbPablo Tom\u00e1s Silva L\u00f3pez \u00bb position=\u00bbEstudiante &#8211; Practicante\u00bb image_url=\u00bbhttp:\/\/silvayasociados.com.co\/es\/wp-content\/uploads\/2022\/08\/Pablo_Tomas_Silva_y_Asociados.jpg\u00bb db_email_addr=\u00bbpablotsl02@gmail.com\u00bb _builder_version=\u00bb4.4.1&#8243;]<\/p>\n<p><em><span style=\"color: #999999;\">Idiomas: Espa\u00f1ol &#8211; Ingl\u00e9s &#8211; Portugu\u00e9s<\/span><\/em><\/p>\n<p>Estudiante de \u00faltimo a\u00f1o de Derecho en la Universidad Externado de Colombia, donde ha sido participante del seminario de Riesgos y Seguros. Ha complementado su formaci\u00f3n con cursos en estudio de t\u00edtulos y en Medios Alternativos de Soluci\u00f3n de Conflictos (MASC).<\/p>\n<p> Actualmente forma parte del Consultorio Jur\u00eddico de la Universidad Externado y cuenta con experiencia en el sector funerario, donde se desempe\u00f1\u00f3 como asistente jur\u00eddico en una de las empresas m\u00e1s importantes del pa\u00eds en esta industria.<\/p>\n<p> Pablo tiene un marcado inter\u00e9s por el Derecho Comercial y el Derecho de los Seguros, as\u00ed como por el impacto que la Inteligencia Artificial tendr\u00e1 en la transformaci\u00f3n del mundo jur\u00eddico y la evoluci\u00f3n de la prestaci\u00f3n de servicios legales.<\/p>\n<p>[\/et_pb_team_member][et_pb_team_member name=\u00bbCarolina Rojas Hern\u00e1ndez\u00bb position=\u00bbAbogada &#8211; Directora de Litigio\u00bb db_email_addr=\u00bbCarolinarojas.silvayasociados@gmail.com\u00bb disabled_on=\u00bboff|off|off\u00bb _builder_version=\u00bb4.4.1&#8243;]<\/p>\n<p><span style=\"color: #999999;\"><em>\u200bIdiomas: Espa\u00f1ol\u00a0<\/em><\/span><\/p>\n<p>Carolina es abogada de la Universidad Libre de Colombia y especialista en Derecho Administrativo de la Universidad Nacional de Colombia.<br \/> Ha cursado programas de formaci\u00f3n complementaria dirigidos al fortalecimiento de competencias en conciliaci\u00f3n extrajudicial en Derecho y litigio, con especial \u00e9nfasis en el Derecho Contencioso Administrativo, Derecho Procesal y responsabilidad m\u00e9dica, civil y del Estado.<br \/> Su experiencia se ha enfocado en liderar procesos de defensa judicial y an\u00e1lisis estrat\u00e9gico de riesgos legales, en el marco de su ejercicio en firmas referentes de Bogot\u00e1. Tiene un inter\u00e9s particular por el litigio de alto impacto, especialmente en aquellos casos que contribuyen al fortalecimiento de derechos colectivos, su afinidad con el trabajo comunitario la llev\u00f3 a formarse en legislaci\u00f3n comunal, desde donde busca promover alternativas jur\u00eddicas que generen transformaciones sociales reales.<\/p>\n<p>[\/et_pb_team_member][et_pb_team_member name=\u00bbLina Paola Barrios L\u00f3pez\u00bb position=\u00bbAbogada\u00bb db_email_addr=\u00bblinabarrios.silvayasociados@gmail.com\u00bb db_link_target=\u00bbon\u00bb disabled_on=\u00bboff|off|off\u00bb _builder_version=\u00bb4.4.1&#8243;]<span style=\"color: #999999;\"><em>\u200bIdiomas: Espa\u00f1ol\u00a0<\/em><\/span><\/p>\n<p>Abogada egresada de la Universidad de San Buenaventura, sede Bogot\u00e1 D.C., y especialista en Derecho Constitucional y Administrativo de la Universidad Cat\u00f3lica de Colombia. Adem\u00e1s, ha complementado su formaci\u00f3n acad\u00e9mica con estudios en distintas ramas del derecho, incluyendo derecho laboral, sistema pensional, contrataci\u00f3n estatal y resoluci\u00f3n de conflictos.<br \/>\nSu experiencia profesional se ha desarrollado principalmente en los campos del derecho administrativo, comercial y civil, donde ha brindado asesor\u00eda jur\u00eddica integral, elaborado conceptos y diversos documentos jur\u00eddicos y respuestas formales a requerimientos de entidades p\u00fablicas y privadas. Adem\u00e1s, ha participado activamente en procesos de defensa judicial y extrajudicial.<br \/>\nLina tiene un especial inter\u00e9s en el estudio del derecho p\u00fablico, la funci\u00f3n administrativa del Estado y las herramientas jur\u00eddicas orientadas a la soluci\u00f3n pac\u00edfica de controversias.[\/et_pb_team_member][et_pb_team_member name=\u00bbJeremy Hincapi\u00e9 Pedraza\u00bb position=\u00bbEstudiante &#8211; Practicante\u00bb db_email_addr=\u00bbjeremyh.silvayasociados@gmail.com\u00bb disabled_on=\u00bboff|off|off\u00bb _builder_version=\u00bb4.4.1&#8243;]<em><span style=\"color: #999999;\">Idioma: Espa\u00f1ol &#8211; Ingl\u00e9s<\/span><\/em><\/p>\n<p>Estudiante de \u00faltimo a\u00f1o de Derecho en la Universidad Externado de Colombia, con una s\u00f3lida formaci\u00f3n acad\u00e9mica y pr\u00e1ctica en el Derecho de Seguros y Derecho Procesal. Ha participado activamente en espacios acad\u00e9micos especializados como el Seminario de Riesgos y Seguros, la International Summer School on Insurance Law in the Era of Artificial Intelligence and Cyber Risks, y el Observatorio del Departamento de Derecho de Seguros de la Universidad Externado de Colombia.<\/p>\n<p>Ha sido coautor de publicaciones en blogs jur\u00eddicos sobre insurtech, aportando reflexiones sobre la transformaci\u00f3n del sector asegurador frente a los avances tecnol\u00f3gicos. Su experiencia pr\u00e1ctica en litigios le ha dado comprensi\u00f3n de los procesos judiciales y el funcionamiento de la administraci\u00f3n de justicia y su aplicaci\u00f3n a diversas estrategias seg\u00fan el caso concreto.<\/p>\n<p>Jeremy tiene un marcado inter\u00e9s en los desarrollos tecnol\u00f3gicos y los desaf\u00edos que plantea su integraci\u00f3n al mundo jur\u00eddico, especialmente en temas como inteligencia artificial, ciberseguridad y transformaci\u00f3n digital, \u00e1reas que considera clave para la evoluci\u00f3n del Derecho en los pr\u00f3ximos a\u00f1os.[\/et_pb_team_member][\/et_pb_column][\/et_pb_row][\/et_pb_section][et_pb_section fb_built=\u00bb1&#8243; _builder_version=\u00bb4.4.1&#8243; background_color=\u00bb#999999&#8243; module_alignment=\u00bbcenter\u00bb custom_padding=\u00bb0px||0px||false|false\u00bb locked=\u00bboff\u00bb][et_pb_row column_structure=\u00bb1_4,3_4&#8243; _builder_version=\u00bb4.4.1&#8243; width=\u00bb100%\u00bb module_alignment=\u00bbcenter\u00bb custom_margin=\u00bb||||false|false\u00bb custom_padding=\u00bb||||false|false\u00bb][et_pb_column type=\u00bb1_4&#8243; _builder_version=\u00bb4.4.1&#8243;][et_pb_image src=\u00bbhttp:\/\/silvayasociados.com.co\/es\/wp-content\/uploads\/2020\/07\/logo-SyA-Blanco-1.png\u00bb align=\u00bbright\u00bb disabled_on=\u00bbon|on|off\u00bb _builder_version=\u00bb4.4.1&#8243; width=\u00bb50%\u00bb][\/et_pb_image][et_pb_image src=\u00bbhttp:\/\/silvayasociados.com.co\/es\/wp-content\/uploads\/2020\/07\/logo-SyA-Blanco-1.png\u00bb align=\u00bbright\u00bb disabled_on=\u00bboff|off|on\u00bb _builder_version=\u00bb4.4.1&#8243; width=\u00bb25%\u00bb locked=\u00bboff\u00bb][\/et_pb_image][\/et_pb_column][et_pb_column type=\u00bb3_4&#8243; _builder_version=\u00bb4.4.1&#8243;][et_pb_menu menu_style=\u00bbcentered\u00bb submenu_direction=\u00bbdownwards\u00bb active_link_color=\u00bb#000000&#8243; logo_max_width=\u00bb15%\u00bb menu_icon_color=\u00bb#000000&#8243; logo_max_height_last_edited=\u00bboff|desktop\u00bb _builder_version=\u00bb4.4.1&#8243; menu_font=\u00bb||||||||\u00bb menu_text_color=\u00bb#444444&#8243; background_enable_color=\u00bboff\u00bb module_alignment=\u00bbcenter\u00bb custom_padding=\u00bb18px|0px|0px|||\u00bb custom_padding_tablet=\u00bb\u00bb custom_padding_phone=\u00bb0px||||false|false\u00bb custom_padding_last_edited=\u00bbon|phone\u00bb][\/et_pb_menu][\/et_pb_column][\/et_pb_row][\/et_pb_section]<\/p>\n","protected":false},"excerpt":{"rendered":"<p>[et_pb_section fb_built=\u00bb1&#8243; disabled_on=\u00bboff|off|off\u00bb _builder_version=\u00bb4.4.1&#8243; background_enable_image=\u00bboff\u00bb background_size=\u00bbcontain\u00bb width_tablet=\u00bb\u00bb width_phone=\u00bb\u00bb width_last_edited=\u00bbon|phone\u00bb module_alignment=\u00bbcenter\u00bb custom_margin_tablet=\u00bb\u00bb custom_margin_phone=\u00bb\u00bb custom_margin_last_edited=\u00bbon|phone\u00bb][et_pb_row _builder_version=\u00bb4.4.1&#8243;][et_pb_column type=\u00bb4_4&#8243; _builder_version=\u00bb4.4.1&#8243;][et_pb_text _builder_version=\u00bb4.4.1&#8243; text_font=\u00bb|||on|||||\u00bb text_text_color=\u00bb#0b8fb7&#8243;] Nuestro Equipo [\/et_pb_text][et_pb_team_member name=\u00bbPablo Tom\u00e1s Silva Mari\u00f1o\u00bb position=\u00bbSocio Fundador &#8211; Gerente\u00bb image_url=\u00bbhttps:\/\/silvayasociados.com.co\/es\/wp-content\/uploads\/2025\/07\/pablo-2_web.webp\u00bb db_email_addr=\u00bbpablosilvam@outlook.com\u00bb db_link_target=\u00bbon\u00bb image_url_last_edited=\u00bboff|desktop\u00bb _builder_version=\u00bb4.4.1&#8243; text_orientation=\u00bbjustified\u00bb box_shadow_style_image=\u00bbpreset3&#8243; image_url__hover_enabled=\u00bbon|hover\u00bb image_url__hover=\u00bbhttps:\/\/silvayasociados.com.co\/es\/wp-content\/uploads\/2025\/07\/pablo-1_web.webp\u00bb] Idiomas: Espa\u00f1ol &#8211; Ingl\u00e9s Abogado de la Universidad Externado de Colombia, con especializaci\u00f3n en M\u00e9todos Alternativos [&hellip;]<\/p>\n","protected":false},"author":2,"featured_media":0,"parent":0,"menu_order":0,"comment_status":"closed","ping_status":"closed","template":"","meta":{"_et_pb_use_builder":"on","_et_pb_old_content":"","_et_gb_content_width":"","_joinchat":[]},"_links":{"self":[{"href":"https:\/\/silvayasociados.com.co\/es\/wp-json\/wp\/v2\/pages\/536"}],"collection":[{"href":"https:\/\/silvayasociados.com.co\/es\/wp-json\/wp\/v2\/pages"}],"about":[{"href":"https:\/\/silvayasociados.com.co\/es\/wp-json\/wp\/v2\/types\/page"}],"author":[{"embeddable":true,"href":"https:\/\/silvayasociados.com.co\/es\/wp-json\/wp\/v2\/users\/2"}],"replies":[{"embeddable":true,"href":"https:\/\/silvayasociados.com.co\/es\/wp-json\/wp\/v2\/comments?post=536"}],"version-history":[{"count":18,"href":"https:\/\/silvayasociados.com.co\/es\/wp-json\/wp\/v2\/pages\/536\/revisions"}],"predecessor-version":[{"id":688,"href":"https:\/\/silvayasociados.com.co\/es\/wp-json\/wp\/v2\/pages\/536\/revisions\/688"}],"wp:attachment":[{"href":"https:\/\/silvayasociados.com.co\/es\/wp-json\/wp\/v2\/media?parent=536"}],"curies":[{"name":"wp","href":"https:\/\/api.w.org\/{rel}","templated":true}]}}